{"id":1026,"date":"2026-03-18T12:27:58","date_gmt":"2026-03-18T11:27:58","guid":{"rendered":"https:\/\/www.opera-international.fr\/?page_id=1026"},"modified":"2026-04-01T16:21:38","modified_gmt":"2026-04-01T14:21:38","slug":"about-us-2","status":"publish","type":"page","link":"https:\/\/www.opera-international.fr\/index.php\/fr\/about-us-2\/","title":{"rendered":"A PROPOS DE NOUS"},"content":{"rendered":"\n<div class=\"wp-block-group is-layout-constrained wp-block-group-is-layout-constrained\">\n<div class=\"wp-block-media-text is-stacked-on-mobile has-foreground-color has-background-background-color has-text-color has-background has-link-color wp-elements-ec51ebbacc9a9599e0c9c05cb152f60f wp-container-content-c9763a5f\" style=\"margin-top:0;margin-bottom:0;padding-top:0;padding-bottom:0;grid-template-columns:37% auto\"><figure class=\"wp-block-media-text__media\"><img loading=\"lazy\" decoding=\"async\" width=\"913\" height=\"1024\" src=\"https:\/\/www.opera-international.fr\/wp-content\/uploads\/2024\/11\/Image-Site-About-us-913x1024.png\" alt=\"\" class=\"wp-image-518 size-large\" srcset=\"https:\/\/www.opera-international.fr\/wp-content\/uploads\/2024\/11\/Image-Site-About-us-913x1024.png 913w, https:\/\/www.opera-international.fr\/wp-content\/uploads\/2024\/11\/Image-Site-About-us-267x300.png 267w, https:\/\/www.opera-international.fr\/wp-content\/uploads\/2024\/11\/Image-Site-About-us-768x862.png 768w, https:\/\/www.opera-international.fr\/wp-content\/uploads\/2024\/11\/Image-Site-About-us-1369x1536.png 1369w, https:\/\/www.opera-international.fr\/wp-content\/uploads\/2024\/11\/Image-Site-About-us.png 1483w\" sizes=\"auto, (max-width: 913px) 100vw, 913px\" \/><\/figure><div class=\"wp-block-media-text__content\">\n<p class=\"has-normal-font-size\">Opera International accompagne ses partenaires dans la recherche et la s\u00e9lection de cadres, d&rsquo;experts et de dirigeants dans tous les secteurs d&rsquo;activit\u00e9 et dans tous les pays.<\/p>\n\n\n\n<p class=\"has-normal-font-size\">Notre expertise en mati\u00e8re de recrutement international et confidentiel nous permet de r\u00e9pondre aux besoins les plus exigeants en mati\u00e8re de recrutement.<\/p>\n<\/div><\/div>\n<\/div>\n\n\n\n<div style=\"height:19px\" aria-hidden=\"true\" class=\"wp-block-spacer\"><\/div>\n\n\n\n<div class=\"wp-block-group has-background-secondary-background-color has-background has-normal-font-size is-layout-constrained wp-block-group-is-layout-constrained\">\n<p class=\"has-big-font-size\">INDUSTRIES STRATEGIQUES<\/p>\n\n\n\n<p>D\u00e9fense et s\u00e9curit\u00e9 : syst\u00e8mes de d\u00e9fense, a\u00e9rospatiale, cybers\u00e9curit\u00e9, s\u00e9curit\u00e9 int\u00e9rieure<\/p>\n\n\n\n<p>\u00c9nergie et environnement : p\u00e9trole et gaz, nucl\u00e9aire, \u00e9nergies renouvelables, services \u00e9nerg\u00e9tiques, solutions environnementales<\/p>\n\n\n\n<p>Infrastructures et transports : construction, ing\u00e9nierie, ferroviaire, logistique, ports, grands projets d&rsquo;infrastructure.<\/p>\n\n\n\n<hr class=\"wp-block-separator has-alpha-channel-opacity\"\/>\n\n\n\n<p class=\"has-big-font-size\">SECTEURS INDUSTRIELS<\/p>\n\n\n\n<p>Technologies industrielles et de fabrication : \u00e9quipements industriels, automatisation, fabrication de pointe, services d&rsquo;ing\u00e9nierie<\/p>\n\n\n\n<p>Sciences de la vie et sant\u00e9 : produits pharmaceutiques, biotechnologies, dispositifs m\u00e9dicaux, services de sant\u00e9<\/p>\n\n\n\n<p>Technologie et num\u00e9rique : logiciels, services num\u00e9riques, t\u00e9l\u00e9communications, \u00e9lectronique, services informatiques<\/p>\n\n\n\n<hr class=\"wp-block-separator has-alpha-channel-opacity\"\/>\n\n\n\n<p class=\"has-big-font-size\">AUTRES SECTEURS<\/p>\n\n\n\n<p>Consommation et services : biens de consommation, commerce de d\u00e9tail, h\u00f4tellerie et restauration, services professionnels<\/p>\n\n\n\n<hr class=\"wp-block-separator has-alpha-channel-opacity\"\/>\n\n\n\n<p><\/p>\n\n\n\n<p><\/p>\n<\/div>\n\n\n\n<p><\/p>\n\n\n\n<figure class=\"wp-block-gallery has-nested-images columns-default is-cropped wp-block-gallery-1 is-layout-flex wp-block-gallery-is-layout-flex\">\n<figure class=\"wp-block-image size-large\"><img loading=\"lazy\" decoding=\"async\" width=\"1024\" height=\"768\" data-id=\"301\" src=\"https:\/\/www.opera-international.fr\/wp-content\/uploads\/2024\/11\/pexels-pixabay-162646-1024x768.jpg\" alt=\"\" class=\"wp-image-301\" srcset=\"https:\/\/www.opera-international.fr\/wp-content\/uploads\/2024\/11\/pexels-pixabay-162646-1024x768.jpg 1024w, https:\/\/www.opera-international.fr\/wp-content\/uploads\/2024\/11\/pexels-pixabay-162646-300x225.jpg 300w, https:\/\/www.opera-international.fr\/wp-content\/uploads\/2024\/11\/pexels-pixabay-162646-768x576.jpg 768w, https:\/\/www.opera-international.fr\/wp-content\/uploads\/2024\/11\/pexels-pixabay-162646-1536x1152.jpg 1536w, https:\/\/www.opera-international.fr\/wp-content\/uploads\/2024\/11\/pexels-pixabay-162646-2048x1536.jpg 2048w\" sizes=\"auto, (max-width: 1024px) 100vw, 1024px\" \/><\/figure>\n\n\n\n<figure class=\"wp-block-image size-large\"><img loading=\"lazy\" decoding=\"async\" width=\"1024\" height=\"684\" data-id=\"277\" src=\"https:\/\/www.opera-international.fr\/wp-content\/uploads\/2024\/10\/pexels-pixabay-40024-1024x684.jpg\" alt=\"A\u00e9ronautique\n\" class=\"wp-image-277\" srcset=\"https:\/\/www.opera-international.fr\/wp-content\/uploads\/2024\/10\/pexels-pixabay-40024-1024x684.jpg 1024w, https:\/\/www.opera-international.fr\/wp-content\/uploads\/2024\/10\/pexels-pixabay-40024-300x200.jpg 300w, https:\/\/www.opera-international.fr\/wp-content\/uploads\/2024\/10\/pexels-pixabay-40024-768x513.jpg 768w, https:\/\/www.opera-international.fr\/wp-content\/uploads\/2024\/10\/pexels-pixabay-40024-1536x1025.jpg 1536w, https:\/\/www.opera-international.fr\/wp-content\/uploads\/2024\/10\/pexels-pixabay-40024-2048x1367.jpg 2048w\" sizes=\"auto, (max-width: 1024px) 100vw, 1024px\" \/><\/figure>\n\n\n\n<figure class=\"wp-block-image size-large\"><img loading=\"lazy\" decoding=\"async\" width=\"1024\" height=\"678\" data-id=\"275\" src=\"https:\/\/www.opera-international.fr\/wp-content\/uploads\/2024\/11\/pexels-pixabay-41006-1024x678.jpg\" alt=\"\" class=\"wp-image-275\" srcset=\"https:\/\/www.opera-international.fr\/wp-content\/uploads\/2024\/11\/pexels-pixabay-41006-1024x678.jpg 1024w, https:\/\/www.opera-international.fr\/wp-content\/uploads\/2024\/11\/pexels-pixabay-41006-300x199.jpg 300w, https:\/\/www.opera-international.fr\/wp-content\/uploads\/2024\/11\/pexels-pixabay-41006-768x509.jpg 768w, https:\/\/www.opera-international.fr\/wp-content\/uploads\/2024\/11\/pexels-pixabay-41006-1536x1017.jpg 1536w, https:\/\/www.opera-international.fr\/wp-content\/uploads\/2024\/11\/pexels-pixabay-41006-2048x1356.jpg 2048w\" sizes=\"auto, (max-width: 1024px) 100vw, 1024px\" \/><\/figure>\n\n\n\n<figure class=\"wp-block-image size-large\"><img loading=\"lazy\" decoding=\"async\" width=\"1024\" height=\"877\" data-id=\"273\" src=\"https:\/\/www.opera-international.fr\/wp-content\/uploads\/2024\/11\/pexels-elevate-1267347-1024x877.jpg\" alt=\"\" class=\"wp-image-273\" srcset=\"https:\/\/www.opera-international.fr\/wp-content\/uploads\/2024\/11\/pexels-elevate-1267347-1024x877.jpg 1024w, https:\/\/www.opera-international.fr\/wp-content\/uploads\/2024\/11\/pexels-elevate-1267347-300x257.jpg 300w, https:\/\/www.opera-international.fr\/wp-content\/uploads\/2024\/11\/pexels-elevate-1267347-768x658.jpg 768w, https:\/\/www.opera-international.fr\/wp-content\/uploads\/2024\/11\/pexels-elevate-1267347-1536x1315.jpg 1536w, https:\/\/www.opera-international.fr\/wp-content\/uploads\/2024\/11\/pexels-elevate-1267347-2048x1754.jpg 2048w\" sizes=\"auto, (max-width: 1024px) 100vw, 1024px\" \/><\/figure>\n\n\n\n<figure class=\"wp-block-image size-large\"><img loading=\"lazy\" decoding=\"async\" width=\"1024\" height=\"683\" data-id=\"305\" src=\"https:\/\/www.opera-international.fr\/wp-content\/uploads\/2024\/11\/pexels-zain-abba-116752359-29058311-1024x683.jpg\" alt=\"\" class=\"wp-image-305\" srcset=\"https:\/\/www.opera-international.fr\/wp-content\/uploads\/2024\/11\/pexels-zain-abba-116752359-29058311-1024x683.jpg 1024w, https:\/\/www.opera-international.fr\/wp-content\/uploads\/2024\/11\/pexels-zain-abba-116752359-29058311-300x200.jpg 300w, https:\/\/www.opera-international.fr\/wp-content\/uploads\/2024\/11\/pexels-zain-abba-116752359-29058311-768x512.jpg 768w, https:\/\/www.opera-international.fr\/wp-content\/uploads\/2024\/11\/pexels-zain-abba-116752359-29058311-1536x1024.jpg 1536w, https:\/\/www.opera-international.fr\/wp-content\/uploads\/2024\/11\/pexels-zain-abba-116752359-29058311-2048x1365.jpg 2048w\" sizes=\"auto, (max-width: 1024px) 100vw, 1024px\" \/><\/figure>\n\n\n\n<figure class=\"wp-block-image size-large\"><img loading=\"lazy\" decoding=\"async\" width=\"945\" height=\"1024\" data-id=\"299\" src=\"https:\/\/www.opera-international.fr\/wp-content\/uploads\/2024\/11\/pexels-pixabay-87011-945x1024.jpg\" alt=\"\" class=\"wp-image-299\" srcset=\"https:\/\/www.opera-international.fr\/wp-content\/uploads\/2024\/11\/pexels-pixabay-87011-945x1024.jpg 945w, https:\/\/www.opera-international.fr\/wp-content\/uploads\/2024\/11\/pexels-pixabay-87011-277x300.jpg 277w, https:\/\/www.opera-international.fr\/wp-content\/uploads\/2024\/11\/pexels-pixabay-87011-768x832.jpg 768w, https:\/\/www.opera-international.fr\/wp-content\/uploads\/2024\/11\/pexels-pixabay-87011-1418x1536.jpg 1418w, https:\/\/www.opera-international.fr\/wp-content\/uploads\/2024\/11\/pexels-pixabay-87011-1891x2048.jpg 1891w\" sizes=\"auto, (max-width: 945px) 100vw, 945px\" \/><\/figure>\n<\/figure>\n\n\n\n<div class=\"wp-block-group has-background-secondary-background-color has-background has-normal-font-size is-layout-constrained wp-block-group-is-layout-constrained\">\n<p><\/p>\n\n\n\n<blockquote class=\"wp-block-quote is-layout-flow wp-block-quote-is-layout-flow\">\n<p><strong>Notre expertise couvre toutes les fonctions cl\u00e9s au sein des organisations.<\/strong><\/p>\n<\/blockquote>\n\n\n\n<p class=\"has-background-secondary-background-color has-background has-normal-font-size\" style=\"font-size:1.3rem\"><strong>Direction :<\/strong><\/p>\n\n\n\n<p class=\"has-background-secondary-background-color has-background has-normal-font-size\" style=\"font-size:1.3rem\">Direction g\u00e9n\u00e9rale de la filiale, direction d&rsquo;usine, services administratifs (RH, finances\u2026)<\/p>\n\n\n\n<p class=\"has-background-secondary-background-color has-background has-normal-font-size\" style=\"font-size:1.3rem\"><strong>R&amp;D, conception, gestion de projet :<\/strong><\/p>\n\n\n\n<p class=\"has-background-secondary-background-color has-background has-normal-font-size\" style=\"font-size:1.3rem\">Ing\u00e9nierie (m\u00e9canique, \u00e9lectronique, logiciels\u2026), syst\u00e8mes, gestion de projets et de programmes\u2026<\/p>\n\n\n\n<p class=\"has-background-secondary-background-color has-background has-normal-font-size\" style=\"font-size:1.3rem\"><strong>Ventes et marketing :<\/strong><\/p>\n\n\n\n<p class=\"has-background-secondary-background-color has-background has-normal-font-size\" style=\"font-size:1.3rem\">Marketing produit, ventes, contrats, programmes<\/p>\n\n\n\n<p class=\"has-background-secondary-background-color has-background has-normal-font-size\" style=\"font-size:1.3rem\"><strong>Fabrication et cha\u00eene d\u2019approvisionnement :<\/strong><\/p>\n\n\n\n<p class=\"has-background-secondary-background-color has-background has-normal-font-size\" style=\"font-size:1.3rem\">Production, m\u00e9thodes et industrialisation, processus, qualit\u00e9, am\u00e9lioration continue, logistique, achats, maintenance, nouveaux chantiers, construction, mise en service, exploitation, ing\u00e9nierie de terrain\u2026<\/p>\n\n\n\n<h2 class=\"wp-block-heading alignwide has-text-align-center has-normal-font-size\"><\/h2>\n<\/div>\n\n\n\n<div class=\"wp-block-group gutena-pattern has-background-secondary-background-color has-background is-layout-constrained wp-container-core-group-is-layout-ac51f047 wp-block-group-is-layout-constrained\" style=\"padding-top:0px;padding-right:0px;padding-bottom:0px;padding-left:0px\">\n<div class=\"wp-block-group is-layout-constrained wp-container-core-group-is-layout-e555385e wp-block-group-is-layout-constrained\">\n<h2 class=\"wp-block-heading has-text-align-center has-main-title-font-size\" style=\"font-style:normal;font-weight:600\">Associ\u00e9s<\/h2>\n\n\n\n<div class=\"wp-block-group is-layout-constrained wp-container-core-group-is-layout-8a913c42 wp-block-group-is-layout-constrained\" style=\"padding-top:15px;padding-right:15px;padding-bottom:15px;padding-left:15px\">\n<hr class=\"wp-block-separator has-text-color has-primary-color has-alpha-channel-opacity has-primary-background-color has-background\"\/>\n<\/div>\n<\/div>\n\n\n\n<div class=\"wp-block-group is-content-justification-center is-layout-constrained wp-container-core-group-is-layout-bb4fe476 wp-block-group-is-layout-constrained\" style=\"min-height:0px;padding-top:10px;padding-right:0;padding-bottom:var(--wp--preset--spacing--20);padding-left:var(--wp--preset--spacing--40)\">\n<div class=\"wp-block-columns is-layout-flex wp-container-core-columns-is-layout-7febf7bf wp-block-columns-is-layout-flex\">\n<div class=\"wp-block-column is-layout-flow wp-block-column-is-layout-flow\" style=\"padding-top:0;padding-right:0;padding-bottom:0;padding-left:0\">\n<div class=\"wp-block-group has-background-background-color has-background is-layout-constrained wp-container-core-group-is-layout-0dc6358a wp-block-group-is-layout-constrained\" style=\"padding-top:0;padding-right:0;padding-bottom:var(--wp--preset--spacing--50);padding-left:0\">\n<figure class=\"wp-block-image aligncenter size-full\"><img loading=\"lazy\" decoding=\"async\" width=\"2193\" height=\"2193\" src=\"https:\/\/www.opera-international.fr\/wp-content\/uploads\/2025\/02\/IMG_5798carre.jpg\" alt=\"\" class=\"wp-image-614\" style=\"aspect-ratio:1;object-fit:cover\" srcset=\"https:\/\/www.opera-international.fr\/wp-content\/uploads\/2025\/02\/IMG_5798carre.jpg 2193w, https:\/\/www.opera-international.fr\/wp-content\/uploads\/2025\/02\/IMG_5798carre-300x300.jpg 300w, https:\/\/www.opera-international.fr\/wp-content\/uploads\/2025\/02\/IMG_5798carre-1024x1024.jpg 1024w, https:\/\/www.opera-international.fr\/wp-content\/uploads\/2025\/02\/IMG_5798carre-150x150.jpg 150w, https:\/\/www.opera-international.fr\/wp-content\/uploads\/2025\/02\/IMG_5798carre-768x768.jpg 768w, https:\/\/www.opera-international.fr\/wp-content\/uploads\/2025\/02\/IMG_5798carre-1536x1536.jpg 1536w, https:\/\/www.opera-international.fr\/wp-content\/uploads\/2025\/02\/IMG_5798carre-2048x2048.jpg 2048w, https:\/\/www.opera-international.fr\/wp-content\/uploads\/2025\/02\/IMG_5798carre-500x500.jpg 500w\" sizes=\"auto, (max-width: 2193px) 100vw, 2193px\" \/><\/figure>\n\n\n\n<div class=\"wp-block-group is-layout-flow wp-container-core-group-is-layout-b3e06aae wp-block-group-is-layout-flow\" style=\"padding-top:var(--wp--preset--spacing--30);padding-bottom:var(--wp--preset--spacing--30)\">\n<h3 class=\"wp-block-heading has-text-align-center\" id=\"justin-hammer\" style=\"margin-top:20px;margin-bottom:0px\">Thibault Normand<\/h3>\n\n\n\n<p class=\"has-text-align-center has-primary-color has-text-color has-normal-font-size\" style=\"line-height:1.9\">Associ\u00e9 &#8211; Lettonie<\/p>\n\n\n\n<ul class=\"wp-block-social-links has-large-icon-size has-icon-color is-style-logos-only is-content-justification-center is-layout-flex wp-container-core-social-links-is-layout-452fd057 wp-block-social-links-is-layout-flex\" style=\"margin-top:10px\"><li style=\"color:#fff;\" class=\"wp-social-link wp-social-link-linkedin has-foreground-color wp-block-social-link\"><a href=\"https:\/\/www.linkedin.com\/in\/thibaultnormand\/\" class=\"wp-block-social-link-anchor\"><svg width=\"24\" height=\"24\" viewBox=\"0 0 24 24\" version=\"1.1\" xmlns=\"http:\/\/www.w3.org\/2000\/svg\" aria-hidden=\"true\" focusable=\"false\"><path d=\"M19.7,3H4.3C3.582,3,3,3.582,3,4.3v15.4C3,20.418,3.582,21,4.3,21h15.4c0.718,0,1.3-0.582,1.3-1.3V4.3 C21,3.582,20.418,3,19.7,3z M8.339,18.338H5.667v-8.59h2.672V18.338z M7.004,8.574c-0.857,0-1.549-0.694-1.549-1.548 c0-0.855,0.691-1.548,1.549-1.548c0.854,0,1.547,0.694,1.547,1.548C8.551,7.881,7.858,8.574,7.004,8.574z M18.339,18.338h-2.669 v-4.177c0-0.996-0.017-2.278-1.387-2.278c-1.389,0-1.601,1.086-1.601,2.206v4.249h-2.667v-8.59h2.559v1.174h0.037 c0.356-0.675,1.227-1.387,2.526-1.387c2.703,0,3.203,1.779,3.203,4.092V18.338z\"><\/path><\/svg><span class=\"wp-block-social-link-label screen-reader-text\">LinkedIn<\/span><\/a><\/li><\/ul>\n<\/div>\n\n\n\n<div style=\"height:35px\" aria-hidden=\"true\" class=\"wp-block-spacer\"><\/div>\n\n\n\n<p class=\"has-normal-font-size\">PaPassionn\u00e9 par la g\u00e9opolitique, Thibault a d\u00e9but\u00e9 sa carri\u00e8re en 2008 en tant que conseiller aupr\u00e8s de gouvernements sur les questions de s\u00e9curit\u00e9 et d&rsquo;\u00e9nergie, o\u00f9 il a d\u00e9velopp\u00e9 des comp\u00e9tences en mati\u00e8re de veille concurrentielle et d&rsquo;analyse des risques.<\/p>\n\n\n\n<p>Install\u00e9 en Lettonie depuis 2010, Thibault s&rsquo;y est constitu\u00e9 un r\u00e9seau, notamment en suivant un Executive MBA \u00e0 la Stockholm School of Economics.<\/p>\n\n\n\n<p>Il a eu l&rsquo;honneur de travailler pour le cabinet du Premier ministre letton, en tant que conseiller, entre 2012 et 2013, sur des questions de planification du d\u00e9veloppement national, de s\u00e9curit\u00e9 \u00e9nerg\u00e9tique et de planification strat\u00e9gique.<\/p>\n<\/div>\n<\/div>\n\n\n\n<div class=\"wp-block-column is-layout-flow wp-block-column-is-layout-flow\" style=\"padding-top:0;padding-right:var(--wp--preset--spacing--30);padding-bottom:0;padding-left:var(--wp--preset--spacing--30)\">\n<div class=\"wp-block-group has-background-background-color has-background is-layout-constrained wp-container-core-group-is-layout-07d2abc8 wp-block-group-is-layout-constrained\" style=\"min-height:0px;padding-top:0;padding-right:0;padding-bottom:var(--wp--preset--spacing--40);padding-left:0\">\n<figure class=\"wp-block-image aligncenter size-full\"><img loading=\"lazy\" decoding=\"async\" width=\"1962\" height=\"1962\" src=\"https:\/\/www.opera-international.fr\/wp-content\/uploads\/2025\/02\/IMG_6806carre.jpg\" alt=\"\" class=\"wp-image-596\" style=\"aspect-ratio:1;object-fit:cover\" srcset=\"https:\/\/www.opera-international.fr\/wp-content\/uploads\/2025\/02\/IMG_6806carre.jpg 1962w, https:\/\/www.opera-international.fr\/wp-content\/uploads\/2025\/02\/IMG_6806carre-300x300.jpg 300w, https:\/\/www.opera-international.fr\/wp-content\/uploads\/2025\/02\/IMG_6806carre-1024x1024.jpg 1024w, https:\/\/www.opera-international.fr\/wp-content\/uploads\/2025\/02\/IMG_6806carre-150x150.jpg 150w, https:\/\/www.opera-international.fr\/wp-content\/uploads\/2025\/02\/IMG_6806carre-768x768.jpg 768w, https:\/\/www.opera-international.fr\/wp-content\/uploads\/2025\/02\/IMG_6806carre-1536x1536.jpg 1536w\" sizes=\"auto, (max-width: 1962px) 100vw, 1962px\" \/><\/figure>\n\n\n\n<div class=\"wp-block-group is-layout-flow wp-container-core-group-is-layout-b3e06aae wp-block-group-is-layout-flow\" style=\"padding-top:var(--wp--preset--spacing--30);padding-bottom:var(--wp--preset--spacing--30)\">\n<h3 class=\"wp-block-heading has-text-align-center\" id=\"justin-hammer\" style=\"margin-top:20px;margin-bottom:0px\">Benoit Charasy<\/h3>\n\n\n\n<p class=\"has-text-align-center has-primary-color has-text-color has-normal-font-size\" style=\"line-height:1.9\">Associ\u00e9 &#8211; France<\/p>\n\n\n\n<ul class=\"wp-block-social-links has-large-icon-size has-icon-color is-style-logos-only is-content-justification-center is-layout-flex wp-container-core-social-links-is-layout-452fd057 wp-block-social-links-is-layout-flex\" style=\"margin-top:10px\"><li style=\"color:#fff;\" class=\"wp-social-link wp-social-link-linkedin has-foreground-color wp-block-social-link\"><a href=\"https:\/\/www.linkedin.com\/in\/benoit-charasy-45523718\/\" class=\"wp-block-social-link-anchor\"><svg width=\"24\" height=\"24\" viewBox=\"0 0 24 24\" version=\"1.1\" xmlns=\"http:\/\/www.w3.org\/2000\/svg\" aria-hidden=\"true\" focusable=\"false\"><path d=\"M19.7,3H4.3C3.582,3,3,3.582,3,4.3v15.4C3,20.418,3.582,21,4.3,21h15.4c0.718,0,1.3-0.582,1.3-1.3V4.3 C21,3.582,20.418,3,19.7,3z M8.339,18.338H5.667v-8.59h2.672V18.338z M7.004,8.574c-0.857,0-1.549-0.694-1.549-1.548 c0-0.855,0.691-1.548,1.549-1.548c0.854,0,1.547,0.694,1.547,1.548C8.551,7.881,7.858,8.574,7.004,8.574z M18.339,18.338h-2.669 v-4.177c0-0.996-0.017-2.278-1.387-2.278c-1.389,0-1.601,1.086-1.601,2.206v4.249h-2.667v-8.59h2.559v1.174h0.037 c0.356-0.675,1.227-1.387,2.526-1.387c2.703,0,3.203,1.779,3.203,4.092V18.338z\"><\/path><\/svg><span class=\"wp-block-social-link-label screen-reader-text\">LinkedIn<\/span><\/a><\/li><\/ul>\n<\/div>\n\n\n\n<div style=\"height:35px\" aria-hidden=\"true\" class=\"wp-block-spacer\"><\/div>\n\n\n\n<p class=\"has-text-align-left has-normal-font-size\">After beginning his career as an Apr\u00e8s avoir travaill\u00e9 comme ing\u00e9nieur chez France T\u00e9l\u00e9com et Bureau Veritas, Beno\u00eet s&rsquo;est orient\u00e9 vers le secteur du recrutement de cadres en 2004.<\/p>\n\n\n\n<p>En 2009, il a rejoint une soci\u00e9t\u00e9 fran\u00e7aise de recrutement de cadres de premier plan, o\u00f9 il a rapidement gravi les \u00e9chelons pour devenir associ\u00e9.<\/p>\n\n\n\n<p class=\"has-text-align-left has-normal-font-size\" style=\"border-style:none;border-width:0px;margin-top:0;margin-right:0;margin-bottom:0;margin-left:0\">Convaincu de l&rsquo;importance de renforcer la port\u00e9e internationale dans le domaine du recrutement de cadres, Benoit a cofond\u00e9 Opera International en 2024. Parlant couramment l&rsquo;anglais, Benoit a men\u00e9 \u00e0 bien de nombreuses missions internationales en Allemagne, en Pologne, en R\u00e9publique tch\u00e8que, au Japon, aux \u00c9tats-Unis, en Iran, en Jordanie, en C\u00f4te d&rsquo;Ivoire et bien au-del\u00e0.<\/p>\n<\/div>\n<\/div>\n<\/div>\n<\/div>\n<\/div>\n\n\n\n<p><\/p>\n","protected":false},"excerpt":{"rendered":"<p>Opera International accompagne ses partenaires dans la recherche et la s\u00e9lection de cadres, d&rsquo;experts et de dirigeants dans tous les secteurs d&rsquo;activit\u00e9 et dans tous les pays. Notre expertise en mati\u00e8re de recrutement international et confidentiel nous permet de r\u00e9pondre aux besoins les plus exigeants en mati\u00e8re de recrutement. INDUSTRIES STRATEGIQUES D\u00e9fense et s\u00e9curit\u00e9 : [&hellip;]<\/p>\n","protected":false},"author":1,"featured_media":0,"parent":0,"menu_order":0,"comment_status":"closed","ping_status":"closed","template":"","meta":{"footnotes":""},"class_list":["post-1026","page","type-page","status-publish","hentry"],"yoast_head":"<!-- This site is optimized with the Yoast SEO plugin v27.3 - https:\/\/yoast.com\/product\/yoast-seo-wordpress\/ -->\n<title>A PROPOS DE NOUS - Opera International<\/title>\n<meta name=\"description\" content=\"Opera International vous pr\u00e9sente son expertise : secteurs industriels, fonctions cl\u00e9s, consultants engag\u00e9s. D\u00e9couvrez notre mission, nos valeurs et notre savoir\u2010faire en recrutement global.\" \/>\n<meta name=\"robots\" content=\"index, follow, max-snippet:-1, max-image-preview:large, max-video-preview:-1\" \/>\n<link rel=\"canonical\" href=\"https:\/\/www.opera-international.fr\/index.php\/fr\/about-us-2\/\" \/>\n<meta property=\"og:locale\" content=\"fr_FR\" \/>\n<meta property=\"og:type\" content=\"article\" \/>\n<meta property=\"og:title\" content=\"A PROPOS DE NOUS - Opera International\" \/>\n<meta property=\"og:description\" content=\"Opera International vous pr\u00e9sente son expertise : secteurs industriels, fonctions cl\u00e9s, consultants engag\u00e9s. D\u00e9couvrez notre mission, nos valeurs et notre savoir\u2010faire en recrutement global.\" \/>\n<meta property=\"og:url\" content=\"https:\/\/www.opera-international.fr\/index.php\/fr\/about-us-2\/\" \/>\n<meta property=\"og:site_name\" content=\"Opera International\" \/>\n<meta property=\"article:modified_time\" content=\"2026-04-01T14:21:38+00:00\" \/>\n<meta property=\"og:image\" content=\"https:\/\/www.opera-international.fr\/wp-content\/uploads\/2024\/11\/Image-Site-About-us-913x1024.png\" \/>\n\t<meta property=\"og:image:width\" content=\"913\" \/>\n\t<meta property=\"og:image:height\" content=\"1024\" \/>\n\t<meta property=\"og:image:type\" content=\"image\/png\" \/>\n<meta name=\"twitter:card\" content=\"summary_large_image\" \/>\n<meta name=\"twitter:label1\" content=\"Dur\u00e9e de lecture estim\u00e9e\" \/>\n\t<meta name=\"twitter:data1\" content=\"4 minutes\" \/>\n<script type=\"application\/ld+json\" class=\"yoast-schema-graph\">{\"@context\":\"https:\\\/\\\/schema.org\",\"@graph\":[{\"@type\":\"WebPage\",\"@id\":\"https:\\\/\\\/www.opera-international.fr\\\/index.php\\\/fr\\\/about-us-2\\\/\",\"url\":\"https:\\\/\\\/www.opera-international.fr\\\/index.php\\\/fr\\\/about-us-2\\\/\",\"name\":\"A PROPOS DE NOUS - Opera International\",\"isPartOf\":{\"@id\":\"https:\\\/\\\/www.opera-international.fr\\\/#website\"},\"primaryImageOfPage\":{\"@id\":\"https:\\\/\\\/www.opera-international.fr\\\/index.php\\\/fr\\\/about-us-2\\\/#primaryimage\"},\"image\":{\"@id\":\"https:\\\/\\\/www.opera-international.fr\\\/index.php\\\/fr\\\/about-us-2\\\/#primaryimage\"},\"thumbnailUrl\":\"https:\\\/\\\/www.opera-international.fr\\\/wp-content\\\/uploads\\\/2024\\\/11\\\/Image-Site-About-us-913x1024.png\",\"datePublished\":\"2026-03-18T11:27:58+00:00\",\"dateModified\":\"2026-04-01T14:21:38+00:00\",\"description\":\"Opera International vous pr\u00e9sente son expertise : secteurs industriels, fonctions cl\u00e9s, consultants engag\u00e9s. D\u00e9couvrez notre mission, nos valeurs et notre savoir\u2010faire en recrutement global.\",\"breadcrumb\":{\"@id\":\"https:\\\/\\\/www.opera-international.fr\\\/index.php\\\/fr\\\/about-us-2\\\/#breadcrumb\"},\"inLanguage\":\"fr-FR\",\"potentialAction\":[{\"@type\":\"ReadAction\",\"target\":[\"https:\\\/\\\/www.opera-international.fr\\\/index.php\\\/fr\\\/about-us-2\\\/\"]}]},{\"@type\":\"ImageObject\",\"inLanguage\":\"fr-FR\",\"@id\":\"https:\\\/\\\/www.opera-international.fr\\\/index.php\\\/fr\\\/about-us-2\\\/#primaryimage\",\"url\":\"https:\\\/\\\/www.opera-international.fr\\\/wp-content\\\/uploads\\\/2024\\\/11\\\/Image-Site-About-us.png\",\"contentUrl\":\"https:\\\/\\\/www.opera-international.fr\\\/wp-content\\\/uploads\\\/2024\\\/11\\\/Image-Site-About-us.png\",\"width\":1483,\"height\":1664,\"caption\":\"Jerry\"},{\"@type\":\"BreadcrumbList\",\"@id\":\"https:\\\/\\\/www.opera-international.fr\\\/index.php\\\/fr\\\/about-us-2\\\/#breadcrumb\",\"itemListElement\":[{\"@type\":\"ListItem\",\"position\":1,\"name\":\"Accueil\",\"item\":\"https:\\\/\\\/www.opera-international.fr\\\/\"},{\"@type\":\"ListItem\",\"position\":2,\"name\":\"A PROPOS DE NOUS\"}]},{\"@type\":\"WebSite\",\"@id\":\"https:\\\/\\\/www.opera-international.fr\\\/#website\",\"url\":\"https:\\\/\\\/www.opera-international.fr\\\/\",\"name\":\"Opera International\",\"description\":\"Your gateway\",\"publisher\":{\"@id\":\"https:\\\/\\\/www.opera-international.fr\\\/#organization\"},\"potentialAction\":[{\"@type\":\"SearchAction\",\"target\":{\"@type\":\"EntryPoint\",\"urlTemplate\":\"https:\\\/\\\/www.opera-international.fr\\\/?s={search_term_string}\"},\"query-input\":{\"@type\":\"PropertyValueSpecification\",\"valueRequired\":true,\"valueName\":\"search_term_string\"}}],\"inLanguage\":\"fr-FR\"},{\"@type\":\"Organization\",\"@id\":\"https:\\\/\\\/www.opera-international.fr\\\/#organization\",\"name\":\"Opera International\",\"url\":\"https:\\\/\\\/www.opera-international.fr\\\/\",\"logo\":{\"@type\":\"ImageObject\",\"inLanguage\":\"fr-FR\",\"@id\":\"https:\\\/\\\/www.opera-international.fr\\\/#\\\/schema\\\/logo\\\/image\\\/\",\"url\":\"https:\\\/\\\/www.opera-international.fr\\\/wp-content\\\/uploads\\\/2024\\\/10\\\/Logo-International-Vectoriel-1.png\",\"contentUrl\":\"https:\\\/\\\/www.opera-international.fr\\\/wp-content\\\/uploads\\\/2024\\\/10\\\/Logo-International-Vectoriel-1.png\",\"width\":840,\"height\":227,\"caption\":\"Opera International\"},\"image\":{\"@id\":\"https:\\\/\\\/www.opera-international.fr\\\/#\\\/schema\\\/logo\\\/image\\\/\"},\"sameAs\":[\"https:\\\/\\\/www.linkedin.com\\\/company\\\/operainternational\"]}]}<\/script>\n<!-- \/ Yoast SEO plugin. -->","yoast_head_json":{"title":"A PROPOS DE NOUS - Opera International","description":"Opera International vous pr\u00e9sente son expertise : secteurs industriels, fonctions cl\u00e9s, consultants engag\u00e9s. D\u00e9couvrez notre mission, nos valeurs et notre savoir\u2010faire en recrutement global.","robots":{"index":"index","follow":"follow","max-snippet":"max-snippet:-1","max-image-preview":"max-image-preview:large","max-video-preview":"max-video-preview:-1"},"canonical":"https:\/\/www.opera-international.fr\/index.php\/fr\/about-us-2\/","og_locale":"fr_FR","og_type":"article","og_title":"A PROPOS DE NOUS - Opera International","og_description":"Opera International vous pr\u00e9sente son expertise : secteurs industriels, fonctions cl\u00e9s, consultants engag\u00e9s. D\u00e9couvrez notre mission, nos valeurs et notre savoir\u2010faire en recrutement global.","og_url":"https:\/\/www.opera-international.fr\/index.php\/fr\/about-us-2\/","og_site_name":"Opera International","article_modified_time":"2026-04-01T14:21:38+00:00","og_image":[{"width":913,"height":1024,"url":"https:\/\/www.opera-international.fr\/wp-content\/uploads\/2024\/11\/Image-Site-About-us-913x1024.png","type":"image\/png"}],"twitter_card":"summary_large_image","twitter_misc":{"Dur\u00e9e de lecture estim\u00e9e":"4 minutes"},"schema":{"@context":"https:\/\/schema.org","@graph":[{"@type":"WebPage","@id":"https:\/\/www.opera-international.fr\/index.php\/fr\/about-us-2\/","url":"https:\/\/www.opera-international.fr\/index.php\/fr\/about-us-2\/","name":"A PROPOS DE NOUS - Opera International","isPartOf":{"@id":"https:\/\/www.opera-international.fr\/#website"},"primaryImageOfPage":{"@id":"https:\/\/www.opera-international.fr\/index.php\/fr\/about-us-2\/#primaryimage"},"image":{"@id":"https:\/\/www.opera-international.fr\/index.php\/fr\/about-us-2\/#primaryimage"},"thumbnailUrl":"https:\/\/www.opera-international.fr\/wp-content\/uploads\/2024\/11\/Image-Site-About-us-913x1024.png","datePublished":"2026-03-18T11:27:58+00:00","dateModified":"2026-04-01T14:21:38+00:00","description":"Opera International vous pr\u00e9sente son expertise : secteurs industriels, fonctions cl\u00e9s, consultants engag\u00e9s. D\u00e9couvrez notre mission, nos valeurs et notre savoir\u2010faire en recrutement global.","breadcrumb":{"@id":"https:\/\/www.opera-international.fr\/index.php\/fr\/about-us-2\/#breadcrumb"},"inLanguage":"fr-FR","potentialAction":[{"@type":"ReadAction","target":["https:\/\/www.opera-international.fr\/index.php\/fr\/about-us-2\/"]}]},{"@type":"ImageObject","inLanguage":"fr-FR","@id":"https:\/\/www.opera-international.fr\/index.php\/fr\/about-us-2\/#primaryimage","url":"https:\/\/www.opera-international.fr\/wp-content\/uploads\/2024\/11\/Image-Site-About-us.png","contentUrl":"https:\/\/www.opera-international.fr\/wp-content\/uploads\/2024\/11\/Image-Site-About-us.png","width":1483,"height":1664,"caption":"Jerry"},{"@type":"BreadcrumbList","@id":"https:\/\/www.opera-international.fr\/index.php\/fr\/about-us-2\/#breadcrumb","itemListElement":[{"@type":"ListItem","position":1,"name":"Accueil","item":"https:\/\/www.opera-international.fr\/"},{"@type":"ListItem","position":2,"name":"A PROPOS DE NOUS"}]},{"@type":"WebSite","@id":"https:\/\/www.opera-international.fr\/#website","url":"https:\/\/www.opera-international.fr\/","name":"Opera International","description":"Your gateway","publisher":{"@id":"https:\/\/www.opera-international.fr\/#organization"},"potentialAction":[{"@type":"SearchAction","target":{"@type":"EntryPoint","urlTemplate":"https:\/\/www.opera-international.fr\/?s={search_term_string}"},"query-input":{"@type":"PropertyValueSpecification","valueRequired":true,"valueName":"search_term_string"}}],"inLanguage":"fr-FR"},{"@type":"Organization","@id":"https:\/\/www.opera-international.fr\/#organization","name":"Opera International","url":"https:\/\/www.opera-international.fr\/","logo":{"@type":"ImageObject","inLanguage":"fr-FR","@id":"https:\/\/www.opera-international.fr\/#\/schema\/logo\/image\/","url":"https:\/\/www.opera-international.fr\/wp-content\/uploads\/2024\/10\/Logo-International-Vectoriel-1.png","contentUrl":"https:\/\/www.opera-international.fr\/wp-content\/uploads\/2024\/10\/Logo-International-Vectoriel-1.png","width":840,"height":227,"caption":"Opera International"},"image":{"@id":"https:\/\/www.opera-international.fr\/#\/schema\/logo\/image\/"},"sameAs":["https:\/\/www.linkedin.com\/company\/operainternational"]}]}},"_links":{"self":[{"href":"https:\/\/www.opera-international.fr\/index.php\/wp-json\/wp\/v2\/pages\/1026","targetHints":{"allow":["GET"]}}],"collection":[{"href":"https:\/\/www.opera-international.fr\/index.php\/wp-json\/wp\/v2\/pages"}],"about":[{"href":"https:\/\/www.opera-international.fr\/index.php\/wp-json\/wp\/v2\/types\/page"}],"author":[{"embeddable":true,"href":"https:\/\/www.opera-international.fr\/index.php\/wp-json\/wp\/v2\/users\/1"}],"replies":[{"embeddable":true,"href":"https:\/\/www.opera-international.fr\/index.php\/wp-json\/wp\/v2\/comments?post=1026"}],"version-history":[{"count":3,"href":"https:\/\/www.opera-international.fr\/index.php\/wp-json\/wp\/v2\/pages\/1026\/revisions"}],"predecessor-version":[{"id":1077,"href":"https:\/\/www.opera-international.fr\/index.php\/wp-json\/wp\/v2\/pages\/1026\/revisions\/1077"}],"wp:attachment":[{"href":"https:\/\/www.opera-international.fr\/index.php\/wp-json\/wp\/v2\/media?parent=1026"}],"curies":[{"name":"wp","href":"https:\/\/api.w.org\/{rel}","templated":true}]}}