{"id":1054,"date":"2026-04-01T15:45:18","date_gmt":"2026-04-01T13:45:18","guid":{"rendered":"https:\/\/www.opera-international.fr\/?page_id=1054"},"modified":"2026-04-01T15:46:34","modified_gmt":"2026-04-01T13:46:34","slug":"candidats-2","status":"publish","type":"page","link":"https:\/\/www.opera-international.fr\/index.php\/fr\/candidats-2\/","title":{"rendered":"CANDIDATS"},"content":{"rendered":"\n<p><\/p>\n\n\n\n<blockquote class=\"wp-block-quote is-layout-flow wp-block-quote-is-layout-flow\">\n<p class=\"has-medium-font-size\">Toute \u00e9tape importante commence par un rendez-vous ! Parlez-nous de votre parcours, de vos projets et de vos aspirations.<\/p>\n<\/blockquote>\n\n\n\n<div style=\"height:19px\" aria-hidden=\"true\" class=\"wp-block-spacer\"><\/div>\n\n\n\n<p><\/p>\n\n\n\n<div class=\"wp-block-media-text has-media-on-the-right is-stacked-on-mobile is-image-fill-element has-background-secondary-background-color has-background\" style=\"padding-top:0;padding-bottom:0;grid-template-columns:auto 33%\"><div class=\"wp-block-media-text__content\">\n<ol style=\"line-height:4\" class=\"wp-block-list has-medium-font-size\">\n<li class=\"has-normal-font-size\" style=\"line-height:2\">Un premier entretien avec nous vous permettra de faire le point sur votre parcours professionnel et de nous faire part de vos ambitions \u00e0 court et moyen terme. Nous discuterons de la mani\u00e8re dont celles-ci correspondent \u00e0 l&rsquo;opportunit\u00e9 qui nous a amen\u00e9s \u00e0 vous contacter.<\/li>\n\n\n\n<li class=\"has-normal-font-size\" style=\"line-height:2\">Nous vous rencontrerons ensuite afin de mieux comprendre votre parcours, vos comp\u00e9tences et vos motivations. Dans le cadre de ce processus, nous pourrons \u00e9galement \u00e9valuer certains aspects de votre profil professionnel au moyen d&rsquo;une \u00e9valuation comportementale.<\/li>\n\n\n\n<li class=\"has-normal-font-size\" style=\"line-height:2\">Ensemble, nous d\u00e9terminerons la pertinence de votre candidature pour notre client.<\/li>\n\n\n\n<li class=\"has-normal-font-size\" style=\"line-height:2\">Quelle que soit l&rsquo;issue, nous nous engageons \u00e0 vous accompagner tout au long du processus.<\/li>\n<\/ol>\n<\/div><figure class=\"wp-block-media-text__media\"><img loading=\"lazy\" decoding=\"async\" width=\"683\" height=\"1024\" src=\"https:\/\/www.opera-international.fr\/wp-content\/uploads\/2024\/11\/brunette-business-woman-with-wavy-long-hair-blue-eyes-stands-holding-notebook-hands-683x1024.png\" alt=\"\" class=\"wp-image-270 size-full\" style=\"object-position:50% 50%\" srcset=\"https:\/\/www.opera-international.fr\/wp-content\/uploads\/2024\/11\/brunette-business-woman-with-wavy-long-hair-blue-eyes-stands-holding-notebook-hands-683x1024.png 683w, https:\/\/www.opera-international.fr\/wp-content\/uploads\/2024\/11\/brunette-business-woman-with-wavy-long-hair-blue-eyes-stands-holding-notebook-hands-200x300.png 200w, https:\/\/www.opera-international.fr\/wp-content\/uploads\/2024\/11\/brunette-business-woman-with-wavy-long-hair-blue-eyes-stands-holding-notebook-hands-768x1152.png 768w, https:\/\/www.opera-international.fr\/wp-content\/uploads\/2024\/11\/brunette-business-woman-with-wavy-long-hair-blue-eyes-stands-holding-notebook-hands-1024x1536.png 1024w, https:\/\/www.opera-international.fr\/wp-content\/uploads\/2024\/11\/brunette-business-woman-with-wavy-long-hair-blue-eyes-stands-holding-notebook-hands-1365x2048.png 1365w\" sizes=\"auto, (max-width: 683px) 100vw, 683px\" \/><\/figure><\/div>\n\n\n\n<div style=\"height:50px\" aria-hidden=\"true\" class=\"wp-block-spacer\"><\/div>\n\n\n\n<p><\/p>\n\n\n\n<div class=\"wp-block-media-text is-stacked-on-mobile\" style=\"grid-template-columns:35% auto\"><figure class=\"wp-block-media-text__media\"><a href=\"https:\/\/www.opera-international.fr\/index.php\/contact-us\/\"><img loading=\"lazy\" decoding=\"async\" width=\"683\" height=\"1024\" src=\"https:\/\/www.opera-international.fr\/wp-content\/uploads\/2026\/03\/Portrait-professionnelle-avec-feuille-vierge-683x1024.png\" alt=\"\" class=\"wp-image-982 size-full\" srcset=\"https:\/\/www.opera-international.fr\/wp-content\/uploads\/2026\/03\/Portrait-professionnelle-avec-feuille-vierge-683x1024.png 683w, https:\/\/www.opera-international.fr\/wp-content\/uploads\/2026\/03\/Portrait-professionnelle-avec-feuille-vierge-200x300.png 200w, https:\/\/www.opera-international.fr\/wp-content\/uploads\/2026\/03\/Portrait-professionnelle-avec-feuille-vierge-768x1152.png 768w, https:\/\/www.opera-international.fr\/wp-content\/uploads\/2026\/03\/Portrait-professionnelle-avec-feuille-vierge.png 1024w\" sizes=\"auto, (max-width: 683px) 100vw, 683px\" \/><\/a><\/figure><div class=\"wp-block-media-text__content\">\n<blockquote class=\"wp-block-quote is-layout-flow wp-block-quote-is-layout-flow\">\n<p class=\"has-secondary-color has-text-color has-link-color has-medium-font-size wp-elements-924dbd3ef6c5820058a42df46a51d69f\"><a href=\"https:\/\/opera-executive.nicoka.com\/public\/jobs\/\"><a href=\"https:\/\/opera-executive.nicoka.com\/public\/jobs\/\">Envoyez-nous votre CV et d\u00e9couvrez nos offres d&#8217;emploi.<\/a><\/a><\/p>\n<\/blockquote>\n<\/div><\/div>\n\n\n\n<div style=\"height:50px\" aria-hidden=\"true\" class=\"wp-block-spacer\"><\/div>\n\n\n\n<p><\/p>\n","protected":false},"excerpt":{"rendered":"<p>Toute \u00e9tape importante commence par un rendez-vous ! Parlez-nous de votre parcours, de vos projets et de vos aspirations.<\/p>\n","protected":false},"author":1,"featured_media":0,"parent":0,"menu_order":0,"comment_status":"closed","ping_status":"closed","template":"","meta":{"footnotes":""},"class_list":["post-1054","page","type-page","status-publish","hentry"],"yoast_head":"<!-- This site is optimized with the Yoast SEO plugin v27.3 - https:\/\/yoast.com\/product\/yoast-seo-wordpress\/ -->\n<title>CANDIDATS - Opera International<\/title>\n<meta name=\"description\" content=\"Vous \u00eates candidat \u00e0 une opportunit\u00e9 internationale ? Opera International vous aide \u00e0 donner un tournant global \u00e0 votre carri\u00e8re : expertise, mobilit\u00e9, acc\u00e8s au r\u00e9seau mondial.\" \/>\n<meta name=\"robots\" content=\"index, follow, max-snippet:-1, max-image-preview:large, max-video-preview:-1\" \/>\n<link rel=\"canonical\" href=\"https:\/\/www.opera-international.fr\/index.php\/fr\/candidats-2\/\" \/>\n<meta property=\"og:locale\" content=\"fr_FR\" \/>\n<meta property=\"og:type\" content=\"article\" \/>\n<meta property=\"og:title\" content=\"CANDIDATS - Opera International\" \/>\n<meta property=\"og:description\" content=\"Vous \u00eates candidat \u00e0 une opportunit\u00e9 internationale ? Opera International vous aide \u00e0 donner un tournant global \u00e0 votre carri\u00e8re : expertise, mobilit\u00e9, acc\u00e8s au r\u00e9seau mondial.\" \/>\n<meta property=\"og:url\" content=\"https:\/\/www.opera-international.fr\/index.php\/fr\/candidats-2\/\" \/>\n<meta property=\"og:site_name\" content=\"Opera International\" \/>\n<meta property=\"article:modified_time\" content=\"2026-04-01T13:46:34+00:00\" \/>\n<meta property=\"og:image\" content=\"http:\/\/www.opera-international.fr\/wp-content\/uploads\/2024\/11\/brunette-business-woman-with-wavy-long-hair-blue-eyes-stands-holding-notebook-hands-683x1024.png\" \/>\n<meta name=\"twitter:card\" content=\"summary_large_image\" \/>\n<meta name=\"twitter:label1\" content=\"Dur\u00e9e de lecture estim\u00e9e\" \/>\n\t<meta name=\"twitter:data1\" content=\"1 minute\" \/>\n<script type=\"application\/ld+json\" class=\"yoast-schema-graph\">{\"@context\":\"https:\\\/\\\/schema.org\",\"@graph\":[{\"@type\":\"WebPage\",\"@id\":\"https:\\\/\\\/www.opera-international.fr\\\/index.php\\\/fr\\\/candidats-2\\\/\",\"url\":\"https:\\\/\\\/www.opera-international.fr\\\/index.php\\\/fr\\\/candidats-2\\\/\",\"name\":\"CANDIDATS - Opera International\",\"isPartOf\":{\"@id\":\"https:\\\/\\\/www.opera-international.fr\\\/#website\"},\"primaryImageOfPage\":{\"@id\":\"https:\\\/\\\/www.opera-international.fr\\\/index.php\\\/fr\\\/candidats-2\\\/#primaryimage\"},\"image\":{\"@id\":\"https:\\\/\\\/www.opera-international.fr\\\/index.php\\\/fr\\\/candidats-2\\\/#primaryimage\"},\"thumbnailUrl\":\"http:\\\/\\\/www.opera-international.fr\\\/wp-content\\\/uploads\\\/2024\\\/11\\\/brunette-business-woman-with-wavy-long-hair-blue-eyes-stands-holding-notebook-hands-683x1024.png\",\"datePublished\":\"2026-04-01T13:45:18+00:00\",\"dateModified\":\"2026-04-01T13:46:34+00:00\",\"description\":\"Vous \u00eates candidat \u00e0 une opportunit\u00e9 internationale ? Opera International vous aide \u00e0 donner un tournant global \u00e0 votre carri\u00e8re : expertise, mobilit\u00e9, acc\u00e8s au r\u00e9seau mondial.\",\"breadcrumb\":{\"@id\":\"https:\\\/\\\/www.opera-international.fr\\\/index.php\\\/fr\\\/candidats-2\\\/#breadcrumb\"},\"inLanguage\":\"fr-FR\",\"potentialAction\":[{\"@type\":\"ReadAction\",\"target\":[\"https:\\\/\\\/www.opera-international.fr\\\/index.php\\\/fr\\\/candidats-2\\\/\"]}]},{\"@type\":\"ImageObject\",\"inLanguage\":\"fr-FR\",\"@id\":\"https:\\\/\\\/www.opera-international.fr\\\/index.php\\\/fr\\\/candidats-2\\\/#primaryimage\",\"url\":\"http:\\\/\\\/www.opera-international.fr\\\/wp-content\\\/uploads\\\/2024\\\/11\\\/brunette-business-woman-with-wavy-long-hair-blue-eyes-stands-holding-notebook-hands-683x1024.png\",\"contentUrl\":\"http:\\\/\\\/www.opera-international.fr\\\/wp-content\\\/uploads\\\/2024\\\/11\\\/brunette-business-woman-with-wavy-long-hair-blue-eyes-stands-holding-notebook-hands-683x1024.png\"},{\"@type\":\"BreadcrumbList\",\"@id\":\"https:\\\/\\\/www.opera-international.fr\\\/index.php\\\/fr\\\/candidats-2\\\/#breadcrumb\",\"itemListElement\":[{\"@type\":\"ListItem\",\"position\":1,\"name\":\"Accueil\",\"item\":\"https:\\\/\\\/www.opera-international.fr\\\/\"},{\"@type\":\"ListItem\",\"position\":2,\"name\":\"CANDIDATS\"}]},{\"@type\":\"WebSite\",\"@id\":\"https:\\\/\\\/www.opera-international.fr\\\/#website\",\"url\":\"https:\\\/\\\/www.opera-international.fr\\\/\",\"name\":\"Opera International\",\"description\":\"Your gateway\",\"publisher\":{\"@id\":\"https:\\\/\\\/www.opera-international.fr\\\/#organization\"},\"potentialAction\":[{\"@type\":\"SearchAction\",\"target\":{\"@type\":\"EntryPoint\",\"urlTemplate\":\"https:\\\/\\\/www.opera-international.fr\\\/?s={search_term_string}\"},\"query-input\":{\"@type\":\"PropertyValueSpecification\",\"valueRequired\":true,\"valueName\":\"search_term_string\"}}],\"inLanguage\":\"fr-FR\"},{\"@type\":\"Organization\",\"@id\":\"https:\\\/\\\/www.opera-international.fr\\\/#organization\",\"name\":\"Opera International\",\"url\":\"https:\\\/\\\/www.opera-international.fr\\\/\",\"logo\":{\"@type\":\"ImageObject\",\"inLanguage\":\"fr-FR\",\"@id\":\"https:\\\/\\\/www.opera-international.fr\\\/#\\\/schema\\\/logo\\\/image\\\/\",\"url\":\"https:\\\/\\\/www.opera-international.fr\\\/wp-content\\\/uploads\\\/2024\\\/10\\\/Logo-International-Vectoriel-1.png\",\"contentUrl\":\"https:\\\/\\\/www.opera-international.fr\\\/wp-content\\\/uploads\\\/2024\\\/10\\\/Logo-International-Vectoriel-1.png\",\"width\":840,\"height\":227,\"caption\":\"Opera International\"},\"image\":{\"@id\":\"https:\\\/\\\/www.opera-international.fr\\\/#\\\/schema\\\/logo\\\/image\\\/\"},\"sameAs\":[\"https:\\\/\\\/www.linkedin.com\\\/company\\\/operainternational\"]}]}<\/script>\n<!-- \/ Yoast SEO plugin. -->","yoast_head_json":{"title":"CANDIDATS - Opera International","description":"Vous \u00eates candidat \u00e0 une opportunit\u00e9 internationale ? Opera International vous aide \u00e0 donner un tournant global \u00e0 votre carri\u00e8re : expertise, mobilit\u00e9, acc\u00e8s au r\u00e9seau mondial.","robots":{"index":"index","follow":"follow","max-snippet":"max-snippet:-1","max-image-preview":"max-image-preview:large","max-video-preview":"max-video-preview:-1"},"canonical":"https:\/\/www.opera-international.fr\/index.php\/fr\/candidats-2\/","og_locale":"fr_FR","og_type":"article","og_title":"CANDIDATS - Opera International","og_description":"Vous \u00eates candidat \u00e0 une opportunit\u00e9 internationale ? Opera International vous aide \u00e0 donner un tournant global \u00e0 votre carri\u00e8re : expertise, mobilit\u00e9, acc\u00e8s au r\u00e9seau mondial.","og_url":"https:\/\/www.opera-international.fr\/index.php\/fr\/candidats-2\/","og_site_name":"Opera International","article_modified_time":"2026-04-01T13:46:34+00:00","og_image":[{"url":"http:\/\/www.opera-international.fr\/wp-content\/uploads\/2024\/11\/brunette-business-woman-with-wavy-long-hair-blue-eyes-stands-holding-notebook-hands-683x1024.png","type":"","width":"","height":""}],"twitter_card":"summary_large_image","twitter_misc":{"Dur\u00e9e de lecture estim\u00e9e":"1 minute"},"schema":{"@context":"https:\/\/schema.org","@graph":[{"@type":"WebPage","@id":"https:\/\/www.opera-international.fr\/index.php\/fr\/candidats-2\/","url":"https:\/\/www.opera-international.fr\/index.php\/fr\/candidats-2\/","name":"CANDIDATS - Opera International","isPartOf":{"@id":"https:\/\/www.opera-international.fr\/#website"},"primaryImageOfPage":{"@id":"https:\/\/www.opera-international.fr\/index.php\/fr\/candidats-2\/#primaryimage"},"image":{"@id":"https:\/\/www.opera-international.fr\/index.php\/fr\/candidats-2\/#primaryimage"},"thumbnailUrl":"http:\/\/www.opera-international.fr\/wp-content\/uploads\/2024\/11\/brunette-business-woman-with-wavy-long-hair-blue-eyes-stands-holding-notebook-hands-683x1024.png","datePublished":"2026-04-01T13:45:18+00:00","dateModified":"2026-04-01T13:46:34+00:00","description":"Vous \u00eates candidat \u00e0 une opportunit\u00e9 internationale ? Opera International vous aide \u00e0 donner un tournant global \u00e0 votre carri\u00e8re : expertise, mobilit\u00e9, acc\u00e8s au r\u00e9seau mondial.","breadcrumb":{"@id":"https:\/\/www.opera-international.fr\/index.php\/fr\/candidats-2\/#breadcrumb"},"inLanguage":"fr-FR","potentialAction":[{"@type":"ReadAction","target":["https:\/\/www.opera-international.fr\/index.php\/fr\/candidats-2\/"]}]},{"@type":"ImageObject","inLanguage":"fr-FR","@id":"https:\/\/www.opera-international.fr\/index.php\/fr\/candidats-2\/#primaryimage","url":"http:\/\/www.opera-international.fr\/wp-content\/uploads\/2024\/11\/brunette-business-woman-with-wavy-long-hair-blue-eyes-stands-holding-notebook-hands-683x1024.png","contentUrl":"http:\/\/www.opera-international.fr\/wp-content\/uploads\/2024\/11\/brunette-business-woman-with-wavy-long-hair-blue-eyes-stands-holding-notebook-hands-683x1024.png"},{"@type":"BreadcrumbList","@id":"https:\/\/www.opera-international.fr\/index.php\/fr\/candidats-2\/#breadcrumb","itemListElement":[{"@type":"ListItem","position":1,"name":"Accueil","item":"https:\/\/www.opera-international.fr\/"},{"@type":"ListItem","position":2,"name":"CANDIDATS"}]},{"@type":"WebSite","@id":"https:\/\/www.opera-international.fr\/#website","url":"https:\/\/www.opera-international.fr\/","name":"Opera International","description":"Your gateway","publisher":{"@id":"https:\/\/www.opera-international.fr\/#organization"},"potentialAction":[{"@type":"SearchAction","target":{"@type":"EntryPoint","urlTemplate":"https:\/\/www.opera-international.fr\/?s={search_term_string}"},"query-input":{"@type":"PropertyValueSpecification","valueRequired":true,"valueName":"search_term_string"}}],"inLanguage":"fr-FR"},{"@type":"Organization","@id":"https:\/\/www.opera-international.fr\/#organization","name":"Opera International","url":"https:\/\/www.opera-international.fr\/","logo":{"@type":"ImageObject","inLanguage":"fr-FR","@id":"https:\/\/www.opera-international.fr\/#\/schema\/logo\/image\/","url":"https:\/\/www.opera-international.fr\/wp-content\/uploads\/2024\/10\/Logo-International-Vectoriel-1.png","contentUrl":"https:\/\/www.opera-international.fr\/wp-content\/uploads\/2024\/10\/Logo-International-Vectoriel-1.png","width":840,"height":227,"caption":"Opera International"},"image":{"@id":"https:\/\/www.opera-international.fr\/#\/schema\/logo\/image\/"},"sameAs":["https:\/\/www.linkedin.com\/company\/operainternational"]}]}},"_links":{"self":[{"href":"https:\/\/www.opera-international.fr\/index.php\/wp-json\/wp\/v2\/pages\/1054","targetHints":{"allow":["GET"]}}],"collection":[{"href":"https:\/\/www.opera-international.fr\/index.php\/wp-json\/wp\/v2\/pages"}],"about":[{"href":"https:\/\/www.opera-international.fr\/index.php\/wp-json\/wp\/v2\/types\/page"}],"author":[{"embeddable":true,"href":"https:\/\/www.opera-international.fr\/index.php\/wp-json\/wp\/v2\/users\/1"}],"replies":[{"embeddable":true,"href":"https:\/\/www.opera-international.fr\/index.php\/wp-json\/wp\/v2\/comments?post=1054"}],"version-history":[{"count":3,"href":"https:\/\/www.opera-international.fr\/index.php\/wp-json\/wp\/v2\/pages\/1054\/revisions"}],"predecessor-version":[{"id":1057,"href":"https:\/\/www.opera-international.fr\/index.php\/wp-json\/wp\/v2\/pages\/1054\/revisions\/1057"}],"wp:attachment":[{"href":"https:\/\/www.opera-international.fr\/index.php\/wp-json\/wp\/v2\/media?parent=1054"}],"curies":[{"name":"wp","href":"https:\/\/api.w.org\/{rel}","templated":true}]}}