{"id":1061,"date":"2026-04-01T15:51:24","date_gmt":"2026-04-01T13:51:24","guid":{"rendered":"https:\/\/www.opera-international.fr\/?page_id=1061"},"modified":"2026-04-01T15:51:24","modified_gmt":"2026-04-01T13:51:24","slug":"recrutement-de-cadres","status":"publish","type":"page","link":"https:\/\/www.opera-international.fr\/index.php\/fr\/recrutement-de-cadres\/","title":{"rendered":"RECRUTEMENT DE CADRES"},"content":{"rendered":"\n<h2 class=\"wp-block-heading alignfull has-text-align-center\">Vous avez besoin de quelqu&rsquo;un qui parle votre langue ?<\/h2>\n\n\n\n<div style=\"height:40px\" aria-hidden=\"true\" class=\"wp-block-spacer\"><\/div>\n\n\n\n<div class=\"wp-block-media-text has-media-on-the-right is-stacked-on-mobile has-background-secondary-background-color has-background has-small-font-size\" style=\"margin-top:0;margin-right:0;margin-bottom:0;margin-left:0;padding-top:0;padding-right:0;padding-bottom:0;padding-left:0;grid-template-columns:auto 37%\"><div class=\"wp-block-media-text__content\">\n<p class=\"has-text-align-left has-foreground-color has-background-secondary-background-color has-text-color has-background has-link-color has-normal-font-size wp-elements-07c90c2e11fdc4066ad3f11d645cb13f\" style=\"font-style:normal;font-weight:400\">Notre \u00e9quipe, compos\u00e9e de consultants seniors et de professionnels exp\u00e9riment\u00e9s dans le domaine de la recherche de talents, utilise des m\u00e9thodes de recrutement \u00e9prouv\u00e9es pour identifier les candidats les plus qualifi\u00e9s. Gr\u00e2ce \u00e0 des approches telles que la planification par sc\u00e9narios et la cartographie organisationnelle, associ\u00e9es \u00e0 des processus et des outils rigoureux, nous fournissons syst\u00e9matiquement des r\u00e9sultats de grande qualit\u00e9, adapt\u00e9s \u00e0 vos besoins sp\u00e9cifiques.<\/p>\n<\/div><figure class=\"wp-block-media-text__media\"><img loading=\"lazy\" decoding=\"async\" width=\"683\" height=\"1024\" src=\"https:\/\/www.opera-international.fr\/wp-content\/uploads\/2026\/03\/Discussion-entre-consultants-dans-un-bureau-683x1024.png\" alt=\"\" class=\"wp-image-992 size-full\" srcset=\"https:\/\/www.opera-international.fr\/wp-content\/uploads\/2026\/03\/Discussion-entre-consultants-dans-un-bureau-683x1024.png 683w, https:\/\/www.opera-international.fr\/wp-content\/uploads\/2026\/03\/Discussion-entre-consultants-dans-un-bureau-200x300.png 200w, https:\/\/www.opera-international.fr\/wp-content\/uploads\/2026\/03\/Discussion-entre-consultants-dans-un-bureau-768x1152.png 768w, https:\/\/www.opera-international.fr\/wp-content\/uploads\/2026\/03\/Discussion-entre-consultants-dans-un-bureau.png 1024w\" sizes=\"auto, (max-width: 683px) 100vw, 683px\" \/><\/figure><\/div>\n\n\n\n<p class=\"has-text-align-left has-foreground-color has-text-color has-link-color has-normal-font-size wp-elements-b41c24ebba02ccceb43e941e104ed1e8\" style=\"font-style:normal;font-weight:500\"><\/p>\n\n\n\n<div style=\"height:50px\" aria-hidden=\"true\" class=\"wp-block-spacer\"><\/div>\n\n\n\n<div class=\"wp-block-media-text is-stacked-on-mobile is-image-fill-element has-background-secondary-background-color has-background\" style=\"grid-template-columns:49% auto\"><figure class=\"wp-block-media-text__media\"><img loading=\"lazy\" decoding=\"async\" width=\"1024\" height=\"619\" src=\"https:\/\/www.opera-international.fr\/wp-content\/uploads\/2024\/10\/pexels-suzyhazelwood-1098515-1024x619.jpg\" alt=\"\" class=\"wp-image-476 size-full\" style=\"object-position:50% 50%\" srcset=\"https:\/\/www.opera-international.fr\/wp-content\/uploads\/2024\/10\/pexels-suzyhazelwood-1098515-1024x619.jpg 1024w, https:\/\/www.opera-international.fr\/wp-content\/uploads\/2024\/10\/pexels-suzyhazelwood-1098515-300x181.jpg 300w, https:\/\/www.opera-international.fr\/wp-content\/uploads\/2024\/10\/pexels-suzyhazelwood-1098515-768x464.jpg 768w, https:\/\/www.opera-international.fr\/wp-content\/uploads\/2024\/10\/pexels-suzyhazelwood-1098515-1536x928.jpg 1536w, https:\/\/www.opera-international.fr\/wp-content\/uploads\/2024\/10\/pexels-suzyhazelwood-1098515-2048x1238.jpg 2048w\" sizes=\"auto, (max-width: 1024px) 100vw, 1024px\" \/><\/figure><div class=\"wp-block-media-text__content\">\n<p class=\"has-foreground-color has-background-secondary-background-color has-text-color has-background has-link-color has-normal-font-size wp-elements-53309395bf7bee60b0f1e48b88338947\">En tant que membre du r\u00e9seau Talentor International, Opera International allie une pr\u00e9sence mondiale \u00e0 une expertise locale.<\/p>\n\n\n\n<p>Gr\u00e2ce \u00e0 nos partenaires pr\u00e9sents dans plus de 40 pays, nous tirons parti d&rsquo;un puissant r\u00e9seau international pour identifier les talents ad\u00e9quats, o\u00f9 qu&rsquo;ils se trouvent.<\/p>\n\n\n\n<p class=\"has-foreground-color has-background-secondary-background-color has-text-color has-background has-link-color has-normal-font-size wp-elements-ded60a766ed90338ca4d5d27d2c60756\">Notre approche rigoureuse et globale garantit la r\u00e9ussite de vos projets de recrutement de cadres.<\/p>\n<\/div><\/div>\n\n\n\n<div style=\"height:50px\" aria-hidden=\"true\" class=\"wp-block-spacer\"><\/div>\n\n\n\n<figure class=\"wp-block-image size-full\"><img loading=\"lazy\" decoding=\"async\" width=\"1626\" height=\"500\" src=\"https:\/\/www.opera-international.fr\/wp-content\/uploads\/2024\/10\/digital_slide.jpg\" alt=\"\" class=\"wp-image-241\" srcset=\"https:\/\/www.opera-international.fr\/wp-content\/uploads\/2024\/10\/digital_slide.jpg 1626w, https:\/\/www.opera-international.fr\/wp-content\/uploads\/2024\/10\/digital_slide-300x92.jpg 300w, https:\/\/www.opera-international.fr\/wp-content\/uploads\/2024\/10\/digital_slide-1024x315.jpg 1024w, https:\/\/www.opera-international.fr\/wp-content\/uploads\/2024\/10\/digital_slide-768x236.jpg 768w, https:\/\/www.opera-international.fr\/wp-content\/uploads\/2024\/10\/digital_slide-1536x472.jpg 1536w\" sizes=\"auto, (max-width: 1626px) 100vw, 1626px\" \/><\/figure>\n\n\n\n<div class=\"wp-block-group has-background-background-color has-background is-layout-constrained wp-block-group-is-layout-constrained\">\n<div class=\"wp-block-columns is-layout-flex wp-container-core-columns-is-layout-28f84493 wp-block-columns-is-layout-flex\">\n<div class=\"wp-block-column has-background-background-color has-background is-layout-flow wp-block-column-is-layout-flow\" style=\"flex-basis:100%\">\n<p class=\"has-foreground-color has-background-secondary-background-color has-text-color has-background has-link-color has-normal-font-size wp-elements-3190d725e0691a46c9a61943966ee2ed\" style=\"margin-top:0;margin-right:0;margin-bottom:0;margin-left:0\">Nous proposons bien plus que de simples services de recrutement. Nous offrons une gamme compl\u00e8te de solutions pour accompagner votre d\u00e9veloppement \u00e0 l&rsquo;international.<br>D\u00e9couvrez l&rsquo;ensemble de nos services ou contactez-nous pour convenir d&rsquo;un rendez-vous personnalis\u00e9.<\/p>\n\n\n\n<p class=\"has-foreground-color has-background-secondary-background-color has-text-color has-background has-link-color has-normal-font-size wp-elements-fcb939529e417449785e799410bae097\" style=\"margin-top:0;margin-right:0;margin-bottom:0;margin-left:0\"><\/p>\n<\/div>\n<\/div>\n<\/div>\n\n\n\n<p><\/p>\n","protected":false},"excerpt":{"rendered":"<p>Vous avez besoin de quelqu&rsquo;un qui parle votre langue ? Notre \u00e9quipe, compos\u00e9e de consultants seniors et de professionnels exp\u00e9riment\u00e9s dans le domaine de la recherche de talents, utilise des m\u00e9thodes de recrutement \u00e9prouv\u00e9es pour identifier les candidats les plus qualifi\u00e9s. Gr\u00e2ce \u00e0 des approches telles que la planification par sc\u00e9narios et la cartographie organisationnelle, [&hellip;]<\/p>\n","protected":false},"author":1,"featured_media":0,"parent":0,"menu_order":0,"comment_status":"closed","ping_status":"closed","template":"","meta":{"footnotes":""},"class_list":["post-1061","page","type-page","status-publish","hentry"],"yoast_head":"<!-- This site is optimized with the Yoast SEO plugin v27.3 - https:\/\/yoast.com\/product\/yoast-seo-wordpress\/ -->\n<title>RECRUTEMENT DE CADRES - Opera International<\/title>\n<meta name=\"description\" content=\"Vous cherchez un leader, un cadre ou un expert pour piloter vos op\u00e9rations \u00e0 l\u2019international ? Opera International mobilise des m\u00e9thodologies pointues et un r\u00e9seau global pour identifier le bon profil.\" \/>\n<meta name=\"robots\" content=\"index, follow, max-snippet:-1, max-image-preview:large, max-video-preview:-1\" \/>\n<link rel=\"canonical\" href=\"https:\/\/www.opera-international.fr\/index.php\/fr\/recrutement-de-cadres\/\" \/>\n<meta property=\"og:locale\" content=\"fr_FR\" \/>\n<meta property=\"og:type\" content=\"article\" \/>\n<meta property=\"og:title\" content=\"RECRUTEMENT DE CADRES - Opera International\" \/>\n<meta property=\"og:description\" content=\"Vous cherchez un leader, un cadre ou un expert pour piloter vos op\u00e9rations \u00e0 l\u2019international ? Opera International mobilise des m\u00e9thodologies pointues et un r\u00e9seau global pour identifier le bon profil.\" \/>\n<meta property=\"og:url\" content=\"https:\/\/www.opera-international.fr\/index.php\/fr\/recrutement-de-cadres\/\" \/>\n<meta property=\"og:site_name\" content=\"Opera International\" \/>\n<meta property=\"og:image\" content=\"https:\/\/www.opera-international.fr\/wp-content\/uploads\/2026\/03\/Discussion-entre-consultants-dans-un-bureau-683x1024.png\" \/>\n\t<meta property=\"og:image:width\" content=\"683\" \/>\n\t<meta property=\"og:image:height\" content=\"1024\" \/>\n\t<meta property=\"og:image:type\" content=\"image\/png\" \/>\n<meta name=\"twitter:card\" content=\"summary_large_image\" \/>\n<meta name=\"twitter:label1\" content=\"Dur\u00e9e de lecture estim\u00e9e\" \/>\n\t<meta name=\"twitter:data1\" content=\"2 minutes\" \/>\n<script type=\"application\/ld+json\" class=\"yoast-schema-graph\">{\"@context\":\"https:\\\/\\\/schema.org\",\"@graph\":[{\"@type\":\"WebPage\",\"@id\":\"https:\\\/\\\/www.opera-international.fr\\\/index.php\\\/fr\\\/recrutement-de-cadres\\\/\",\"url\":\"https:\\\/\\\/www.opera-international.fr\\\/index.php\\\/fr\\\/recrutement-de-cadres\\\/\",\"name\":\"RECRUTEMENT DE CADRES - Opera International\",\"isPartOf\":{\"@id\":\"https:\\\/\\\/www.opera-international.fr\\\/#website\"},\"primaryImageOfPage\":{\"@id\":\"https:\\\/\\\/www.opera-international.fr\\\/index.php\\\/fr\\\/recrutement-de-cadres\\\/#primaryimage\"},\"image\":{\"@id\":\"https:\\\/\\\/www.opera-international.fr\\\/index.php\\\/fr\\\/recrutement-de-cadres\\\/#primaryimage\"},\"thumbnailUrl\":\"https:\\\/\\\/www.opera-international.fr\\\/wp-content\\\/uploads\\\/2026\\\/03\\\/Discussion-entre-consultants-dans-un-bureau-683x1024.png\",\"datePublished\":\"2026-04-01T13:51:24+00:00\",\"description\":\"Vous cherchez un leader, un cadre ou un expert pour piloter vos op\u00e9rations \u00e0 l\u2019international ? Opera International mobilise des m\u00e9thodologies pointues et un r\u00e9seau global pour identifier le bon profil.\",\"breadcrumb\":{\"@id\":\"https:\\\/\\\/www.opera-international.fr\\\/index.php\\\/fr\\\/recrutement-de-cadres\\\/#breadcrumb\"},\"inLanguage\":\"fr-FR\",\"potentialAction\":[{\"@type\":\"ReadAction\",\"target\":[\"https:\\\/\\\/www.opera-international.fr\\\/index.php\\\/fr\\\/recrutement-de-cadres\\\/\"]}]},{\"@type\":\"ImageObject\",\"inLanguage\":\"fr-FR\",\"@id\":\"https:\\\/\\\/www.opera-international.fr\\\/index.php\\\/fr\\\/recrutement-de-cadres\\\/#primaryimage\",\"url\":\"https:\\\/\\\/www.opera-international.fr\\\/wp-content\\\/uploads\\\/2026\\\/03\\\/Discussion-entre-consultants-dans-un-bureau.png\",\"contentUrl\":\"https:\\\/\\\/www.opera-international.fr\\\/wp-content\\\/uploads\\\/2026\\\/03\\\/Discussion-entre-consultants-dans-un-bureau.png\",\"width\":1024,\"height\":1536},{\"@type\":\"BreadcrumbList\",\"@id\":\"https:\\\/\\\/www.opera-international.fr\\\/index.php\\\/fr\\\/recrutement-de-cadres\\\/#breadcrumb\",\"itemListElement\":[{\"@type\":\"ListItem\",\"position\":1,\"name\":\"Accueil\",\"item\":\"https:\\\/\\\/www.opera-international.fr\\\/\"},{\"@type\":\"ListItem\",\"position\":2,\"name\":\"RECRUTEMENT DE CADRES\"}]},{\"@type\":\"WebSite\",\"@id\":\"https:\\\/\\\/www.opera-international.fr\\\/#website\",\"url\":\"https:\\\/\\\/www.opera-international.fr\\\/\",\"name\":\"Opera International\",\"description\":\"Your gateway\",\"publisher\":{\"@id\":\"https:\\\/\\\/www.opera-international.fr\\\/#organization\"},\"potentialAction\":[{\"@type\":\"SearchAction\",\"target\":{\"@type\":\"EntryPoint\",\"urlTemplate\":\"https:\\\/\\\/www.opera-international.fr\\\/?s={search_term_string}\"},\"query-input\":{\"@type\":\"PropertyValueSpecification\",\"valueRequired\":true,\"valueName\":\"search_term_string\"}}],\"inLanguage\":\"fr-FR\"},{\"@type\":\"Organization\",\"@id\":\"https:\\\/\\\/www.opera-international.fr\\\/#organization\",\"name\":\"Opera International\",\"url\":\"https:\\\/\\\/www.opera-international.fr\\\/\",\"logo\":{\"@type\":\"ImageObject\",\"inLanguage\":\"fr-FR\",\"@id\":\"https:\\\/\\\/www.opera-international.fr\\\/#\\\/schema\\\/logo\\\/image\\\/\",\"url\":\"https:\\\/\\\/www.opera-international.fr\\\/wp-content\\\/uploads\\\/2024\\\/10\\\/Logo-International-Vectoriel-1.png\",\"contentUrl\":\"https:\\\/\\\/www.opera-international.fr\\\/wp-content\\\/uploads\\\/2024\\\/10\\\/Logo-International-Vectoriel-1.png\",\"width\":840,\"height\":227,\"caption\":\"Opera International\"},\"image\":{\"@id\":\"https:\\\/\\\/www.opera-international.fr\\\/#\\\/schema\\\/logo\\\/image\\\/\"},\"sameAs\":[\"https:\\\/\\\/www.linkedin.com\\\/company\\\/operainternational\"]}]}<\/script>\n<!-- \/ Yoast SEO plugin. -->","yoast_head_json":{"title":"RECRUTEMENT DE CADRES - Opera International","description":"Vous cherchez un leader, un cadre ou un expert pour piloter vos op\u00e9rations \u00e0 l\u2019international ? Opera International mobilise des m\u00e9thodologies pointues et un r\u00e9seau global pour identifier le bon profil.","robots":{"index":"index","follow":"follow","max-snippet":"max-snippet:-1","max-image-preview":"max-image-preview:large","max-video-preview":"max-video-preview:-1"},"canonical":"https:\/\/www.opera-international.fr\/index.php\/fr\/recrutement-de-cadres\/","og_locale":"fr_FR","og_type":"article","og_title":"RECRUTEMENT DE CADRES - Opera International","og_description":"Vous cherchez un leader, un cadre ou un expert pour piloter vos op\u00e9rations \u00e0 l\u2019international ? Opera International mobilise des m\u00e9thodologies pointues et un r\u00e9seau global pour identifier le bon profil.","og_url":"https:\/\/www.opera-international.fr\/index.php\/fr\/recrutement-de-cadres\/","og_site_name":"Opera International","og_image":[{"width":683,"height":1024,"url":"https:\/\/www.opera-international.fr\/wp-content\/uploads\/2026\/03\/Discussion-entre-consultants-dans-un-bureau-683x1024.png","type":"image\/png"}],"twitter_card":"summary_large_image","twitter_misc":{"Dur\u00e9e de lecture estim\u00e9e":"2 minutes"},"schema":{"@context":"https:\/\/schema.org","@graph":[{"@type":"WebPage","@id":"https:\/\/www.opera-international.fr\/index.php\/fr\/recrutement-de-cadres\/","url":"https:\/\/www.opera-international.fr\/index.php\/fr\/recrutement-de-cadres\/","name":"RECRUTEMENT DE CADRES - Opera International","isPartOf":{"@id":"https:\/\/www.opera-international.fr\/#website"},"primaryImageOfPage":{"@id":"https:\/\/www.opera-international.fr\/index.php\/fr\/recrutement-de-cadres\/#primaryimage"},"image":{"@id":"https:\/\/www.opera-international.fr\/index.php\/fr\/recrutement-de-cadres\/#primaryimage"},"thumbnailUrl":"https:\/\/www.opera-international.fr\/wp-content\/uploads\/2026\/03\/Discussion-entre-consultants-dans-un-bureau-683x1024.png","datePublished":"2026-04-01T13:51:24+00:00","description":"Vous cherchez un leader, un cadre ou un expert pour piloter vos op\u00e9rations \u00e0 l\u2019international ? Opera International mobilise des m\u00e9thodologies pointues et un r\u00e9seau global pour identifier le bon profil.","breadcrumb":{"@id":"https:\/\/www.opera-international.fr\/index.php\/fr\/recrutement-de-cadres\/#breadcrumb"},"inLanguage":"fr-FR","potentialAction":[{"@type":"ReadAction","target":["https:\/\/www.opera-international.fr\/index.php\/fr\/recrutement-de-cadres\/"]}]},{"@type":"ImageObject","inLanguage":"fr-FR","@id":"https:\/\/www.opera-international.fr\/index.php\/fr\/recrutement-de-cadres\/#primaryimage","url":"https:\/\/www.opera-international.fr\/wp-content\/uploads\/2026\/03\/Discussion-entre-consultants-dans-un-bureau.png","contentUrl":"https:\/\/www.opera-international.fr\/wp-content\/uploads\/2026\/03\/Discussion-entre-consultants-dans-un-bureau.png","width":1024,"height":1536},{"@type":"BreadcrumbList","@id":"https:\/\/www.opera-international.fr\/index.php\/fr\/recrutement-de-cadres\/#breadcrumb","itemListElement":[{"@type":"ListItem","position":1,"name":"Accueil","item":"https:\/\/www.opera-international.fr\/"},{"@type":"ListItem","position":2,"name":"RECRUTEMENT DE CADRES"}]},{"@type":"WebSite","@id":"https:\/\/www.opera-international.fr\/#website","url":"https:\/\/www.opera-international.fr\/","name":"Opera International","description":"Your gateway","publisher":{"@id":"https:\/\/www.opera-international.fr\/#organization"},"potentialAction":[{"@type":"SearchAction","target":{"@type":"EntryPoint","urlTemplate":"https:\/\/www.opera-international.fr\/?s={search_term_string}"},"query-input":{"@type":"PropertyValueSpecification","valueRequired":true,"valueName":"search_term_string"}}],"inLanguage":"fr-FR"},{"@type":"Organization","@id":"https:\/\/www.opera-international.fr\/#organization","name":"Opera International","url":"https:\/\/www.opera-international.fr\/","logo":{"@type":"ImageObject","inLanguage":"fr-FR","@id":"https:\/\/www.opera-international.fr\/#\/schema\/logo\/image\/","url":"https:\/\/www.opera-international.fr\/wp-content\/uploads\/2024\/10\/Logo-International-Vectoriel-1.png","contentUrl":"https:\/\/www.opera-international.fr\/wp-content\/uploads\/2024\/10\/Logo-International-Vectoriel-1.png","width":840,"height":227,"caption":"Opera International"},"image":{"@id":"https:\/\/www.opera-international.fr\/#\/schema\/logo\/image\/"},"sameAs":["https:\/\/www.linkedin.com\/company\/operainternational"]}]}},"_links":{"self":[{"href":"https:\/\/www.opera-international.fr\/index.php\/wp-json\/wp\/v2\/pages\/1061","targetHints":{"allow":["GET"]}}],"collection":[{"href":"https:\/\/www.opera-international.fr\/index.php\/wp-json\/wp\/v2\/pages"}],"about":[{"href":"https:\/\/www.opera-international.fr\/index.php\/wp-json\/wp\/v2\/types\/page"}],"author":[{"embeddable":true,"href":"https:\/\/www.opera-international.fr\/index.php\/wp-json\/wp\/v2\/users\/1"}],"replies":[{"embeddable":true,"href":"https:\/\/www.opera-international.fr\/index.php\/wp-json\/wp\/v2\/comments?post=1061"}],"version-history":[{"count":1,"href":"https:\/\/www.opera-international.fr\/index.php\/wp-json\/wp\/v2\/pages\/1061\/revisions"}],"predecessor-version":[{"id":1062,"href":"https:\/\/www.opera-international.fr\/index.php\/wp-json\/wp\/v2\/pages\/1061\/revisions\/1062"}],"wp:attachment":[{"href":"https:\/\/www.opera-international.fr\/index.php\/wp-json\/wp\/v2\/media?parent=1061"}],"curies":[{"name":"wp","href":"https:\/\/api.w.org\/{rel}","templated":true}]}}